{"id":3754,"date":"2023-04-14T17:54:22","date_gmt":"2023-04-14T17:54:22","guid":{"rendered":"https:\/\/bolosregionais.pt\/?post_type=product&#038;p=3754"},"modified":"2024-05-20T10:10:41","modified_gmt":"2024-05-20T10:10:41","slug":"broas-de-cafe","status":"publish","type":"product","link":"https:\/\/bolosregionais.pt\/?product=broas-de-cafe","title":{"rendered":"Broas de Caf\u00e9"},"content":{"rendered":"<p><img fetchpriority=\"high\" decoding=\"async\" class=\"alignnone wp-image-3759 size-medium\" src=\"https:\/\/bolosregionais.pt\/wp-content\/uploads\/2023\/04\/Susana-Vieira-Broas-de-Cafe-523x380.jpg\" alt=\"Susana Vieira - Broas de Caf\u00e9\" width=\"523\" height=\"380\" srcset=\"https:\/\/bolosregionais.pt\/wp-content\/uploads\/2023\/04\/Susana-Vieira-Broas-de-Cafe-523x380.jpg 523w, https:\/\/bolosregionais.pt\/wp-content\/uploads\/2023\/04\/Susana-Vieira-Broas-de-Cafe-536x390.jpg 536w, https:\/\/bolosregionais.pt\/wp-content\/uploads\/2023\/04\/Susana-Vieira-Broas-de-Cafe.jpg 1000w\" sizes=\"(max-width: 523px) 100vw, 523px\" \/><\/p>\n<table style=\"width: 500px;\" border=\"1\" cellspacing=\"1\" cellpadding=\"1\">\n<tbody>\n<tr>\n<td style=\"text-align: center;\"><span style=\"font-size: 16px;\"><strong>Declara\u00e7\u00e3o Nutricional por 100G do produto<\/strong><\/span><\/td>\n<\/tr>\n<\/tbody>\n<\/table>\n<table style=\"width: 500px;\" border=\"1\" cellspacing=\"1\" cellpadding=\"1\">\n<tbody>\n<tr>\n<td style=\"text-align: left;\">Energia<\/td>\n<td style=\"text-align: center;\">1670 Kj \/ 398 CAL<\/td>\n<\/tr>\n<tr>\n<td style=\"text-align: left;\">L\u00edpidos<\/td>\n<td style=\"text-align: center;\">16,5 g<\/td>\n<\/tr>\n<tr>\n<td style=\"text-align: left;\">L\u00edpidos Saturados<\/td>\n<td style=\"text-align: center;\">1,7 g<\/td>\n<\/tr>\n<tr>\n<td style=\"text-align: left;\">Hidratos de Carbono<\/td>\n<td style=\"text-align: center;\">55,1 g<\/td>\n<\/tr>\n<tr>\n<td style=\"text-align: left;\">A\u00e7ucares<\/td>\n<td style=\"text-align: center;\">33,7 g<\/td>\n<\/tr>\n<tr>\n<td style=\"text-align: left;\">Fibras<\/td>\n<td style=\"text-align: center;\">5,3 g<\/td>\n<\/tr>\n<tr>\n<td style=\"text-align: left;\">Prote\u00ednas<\/td>\n<td style=\"text-align: center;\">4,7 g<\/td>\n<\/tr>\n<tr>\n<td style=\"text-align: left;\">Sal<\/td>\n<td style=\"text-align: center;\">0,2 g<\/td>\n<\/tr>\n<\/tbody>\n<\/table>\n<p><strong>Peso L\u00edquido: 350g<\/strong><\/p>\n<p>&nbsp;<\/p>\n<p>Um pouco sobre n\u00f3s&#8230;<br \/>\nH\u00e1 muitos anos que sonh\u00e1vamos trazer a todos os produtos de pastelaria \/ confeitaria que os nossos pais e av\u00f3s faziam em casa. Em 1995 esse sonho tornou-se realidade e desde ent\u00e3o temos dado a conhecer as nossas broas tradicionais.<\/p>\n<p>Mantivemos a nossa identidade e a nossa vis\u00e3o \u00e9 a de que a qualidade se mantenha igual, sem adi\u00e7\u00e3o de corantes e conservantes, utilizando apenas mat\u00e9rias primas naturais com uma confe\u00e7\u00e3o artesanal para que se mantenham sempre saborosas.<\/p>\n<p>Obrigado a si que nos permite continuar a viver o sonho.<\/p>\n<h3 style=\"text-align: right;\"><strong>O artesanal sabe bem&#8230;<\/strong><\/h3>\n","protected":false},"excerpt":{"rendered":"<p>Ingredientes:<br \/>\n<strong>Farinha de trigo<\/strong>, \u00e1gua, a\u00e7\u00facar, \u00f3leo vegetal refinado <strong>(soja)<\/strong>, erva-doce, <strong>am\u00eandoa<\/strong>, canela, caf\u00e9 (0,3%) e cacau em p\u00f3.<\/p>\n","protected":false},"featured_media":3896,"comment_status":"open","ping_status":"closed","template":"","meta":{"_themeisle_gutenberg_block_has_review":false,"jetpack_post_was_ever_published":false},"product_brand":[],"product_cat":[60],"product_tag":[72],"class_list":{"0":"post-3754","1":"product","2":"type-product","3":"status-publish","4":"has-post-thumbnail","6":"product_cat-broas","7":"product_tag-mais-vendidos","9":"first","10":"instock","11":"featured","12":"taxable","13":"shipping-taxable","14":"purchasable","15":"product-type-variable"},"yoast_head":"<!-- This site is optimized with the Yoast SEO plugin v27.5 - https:\/\/yoast.com\/product\/yoast-seo-wordpress\/ -->\n<title>Broas de Caf\u00e9 - Susana Vieira - Bolos Regionais<\/title>\n<meta name=\"description\" content=\"Susana Vieira, Broas de Caf\u00e9. Broas D`ouro. Embalagem de 350g. 6 Unidades\" \/>\n<meta name=\"robots\" content=\"index, follow, max-snippet:-1, max-image-preview:large, max-video-preview:-1\" \/>\n<link rel=\"canonical\" href=\"https:\/\/bolosregionais.pt\/produto\/broas-de-cafe\/\" \/>\n<meta property=\"og:locale\" content=\"pt_PT\" \/>\n<meta property=\"og:type\" content=\"article\" \/>\n<meta property=\"og:title\" content=\"Broas de Caf\u00e9 - Susana Vieira - Bolos Regionais\" \/>\n<meta property=\"og:description\" content=\"Susana Vieira, Broas de Caf\u00e9. Broas D`ouro. Embalagem de 350g. 6 Unidades\" \/>\n<meta property=\"og:url\" content=\"https:\/\/bolosregionais.pt\/produto\/broas-de-cafe\/\" \/>\n<meta property=\"og:site_name\" content=\"Susana Vieira - Bolos Regionais\" \/>\n<meta property=\"article:publisher\" content=\"https:\/\/www.facebook.com\/people\/Broas-DOuro\/100079961858398\/?paipv=0&amp;eav=AfbeI56GFSDGQYxo5oKo_x5p5k3RbvMdspvczmr4zl4kNADTCi7uwtDQc_z4u_qSfP4\" \/>\n<meta property=\"article:modified_time\" content=\"2024-05-20T10:10:41+00:00\" \/>\n<meta property=\"og:image\" content=\"https:\/\/bolosregionais.pt\/wp-content\/uploads\/2023\/04\/Broas-DOuro-BROAS-DE-CAFE-frt.jpg\" \/>\n\t<meta property=\"og:image:width\" content=\"500\" \/>\n\t<meta property=\"og:image:height\" content=\"378\" \/>\n\t<meta property=\"og:image:type\" content=\"image\/jpeg\" \/>\n<meta name=\"twitter:card\" content=\"summary_large_image\" \/>\n<meta name=\"twitter:label1\" content=\"Tempo estimado de leitura\" \/>\n\t<meta name=\"twitter:data1\" content=\"2 minutos\" \/>\n<script type=\"application\/ld+json\" class=\"yoast-schema-graph\">{\"@context\":\"https:\\\/\\\/schema.org\",\"@graph\":[{\"@type\":\"WebPage\",\"@id\":\"https:\\\/\\\/bolosregionais.pt\\\/produto\\\/broas-de-cafe\\\/\",\"url\":\"https:\\\/\\\/bolosregionais.pt\\\/produto\\\/broas-de-cafe\\\/\",\"name\":\"Broas de Caf\u00e9 - Susana Vieira - Bolos Regionais\",\"isPartOf\":{\"@id\":\"https:\\\/\\\/bolosregionais.pt\\\/#website\"},\"primaryImageOfPage\":{\"@id\":\"https:\\\/\\\/bolosregionais.pt\\\/produto\\\/broas-de-cafe\\\/#primaryimage\"},\"image\":{\"@id\":\"https:\\\/\\\/bolosregionais.pt\\\/produto\\\/broas-de-cafe\\\/#primaryimage\"},\"thumbnailUrl\":\"https:\\\/\\\/bolosregionais.pt\\\/wp-content\\\/uploads\\\/2023\\\/04\\\/Broas-DOuro-BROAS-DE-CAFE-frt.jpg\",\"datePublished\":\"2023-04-14T17:54:22+00:00\",\"dateModified\":\"2024-05-20T10:10:41+00:00\",\"description\":\"Susana Vieira, Broas de Caf\u00e9. Broas D`ouro. Embalagem de 350g. 6 Unidades\",\"breadcrumb\":{\"@id\":\"https:\\\/\\\/bolosregionais.pt\\\/produto\\\/broas-de-cafe\\\/#breadcrumb\"},\"inLanguage\":\"pt-PT\",\"potentialAction\":[{\"@type\":\"ReadAction\",\"target\":[\"https:\\\/\\\/bolosregionais.pt\\\/produto\\\/broas-de-cafe\\\/\"]}]},{\"@type\":\"ImageObject\",\"inLanguage\":\"pt-PT\",\"@id\":\"https:\\\/\\\/bolosregionais.pt\\\/produto\\\/broas-de-cafe\\\/#primaryimage\",\"url\":\"https:\\\/\\\/bolosregionais.pt\\\/wp-content\\\/uploads\\\/2023\\\/04\\\/Broas-DOuro-BROAS-DE-CAFE-frt.jpg\",\"contentUrl\":\"https:\\\/\\\/bolosregionais.pt\\\/wp-content\\\/uploads\\\/2023\\\/04\\\/Broas-DOuro-BROAS-DE-CAFE-frt.jpg\",\"width\":500,\"height\":378,\"caption\":\"Broas D`Ouro - BROAS DE CAFE (frt)\"},{\"@type\":\"BreadcrumbList\",\"@id\":\"https:\\\/\\\/bolosregionais.pt\\\/produto\\\/broas-de-cafe\\\/#breadcrumb\",\"itemListElement\":[{\"@type\":\"ListItem\",\"position\":1,\"name\":\"In\u00edcio\",\"item\":\"https:\\\/\\\/bolosregionais.pt\\\/\"},{\"@type\":\"ListItem\",\"position\":2,\"name\":\"Loja\",\"item\":\"https:\\\/\\\/bolosregionais.pt\\\/?page_id=2877\"},{\"@type\":\"ListItem\",\"position\":3,\"name\":\"Broas de Caf\u00e9\"}]},{\"@type\":\"WebSite\",\"@id\":\"https:\\\/\\\/bolosregionais.pt\\\/#website\",\"url\":\"https:\\\/\\\/bolosregionais.pt\\\/\",\"name\":\"Susana Vieira - Bolos Regionais\",\"description\":\"A apurar a tradi\u00e7\u00e3o desde 1995\",\"publisher\":{\"@id\":\"https:\\\/\\\/bolosregionais.pt\\\/#organization\"},\"potentialAction\":[{\"@type\":\"SearchAction\",\"target\":{\"@type\":\"EntryPoint\",\"urlTemplate\":\"https:\\\/\\\/bolosregionais.pt\\\/?s={search_term_string}\"},\"query-input\":{\"@type\":\"PropertyValueSpecification\",\"valueRequired\":true,\"valueName\":\"search_term_string\"}}],\"inLanguage\":\"pt-PT\"},{\"@type\":\"Organization\",\"@id\":\"https:\\\/\\\/bolosregionais.pt\\\/#organization\",\"name\":\"Susana Vieira - Bolos Regionais\",\"url\":\"https:\\\/\\\/bolosregionais.pt\\\/\",\"logo\":{\"@type\":\"ImageObject\",\"inLanguage\":\"pt-PT\",\"@id\":\"https:\\\/\\\/bolosregionais.pt\\\/#\\\/schema\\\/logo\\\/image\\\/\",\"url\":\"https:\\\/\\\/bolosregionais.pt\\\/wp-content\\\/uploads\\\/2021\\\/08\\\/Logo-SV-Header.png\",\"contentUrl\":\"https:\\\/\\\/bolosregionais.pt\\\/wp-content\\\/uploads\\\/2021\\\/08\\\/Logo-SV-Header.png\",\"width\":159,\"height\":120,\"caption\":\"Susana Vieira - Bolos Regionais\"},\"image\":{\"@id\":\"https:\\\/\\\/bolosregionais.pt\\\/#\\\/schema\\\/logo\\\/image\\\/\"},\"sameAs\":[\"https:\\\/\\\/www.facebook.com\\\/people\\\/Broas-DOuro\\\/100079961858398\\\/?paipv=0&eav=AfbeI56GFSDGQYxo5oKo_x5p5k3RbvMdspvczmr4zl4kNADTCi7uwtDQc_z4u_qSfP4\",\"https:\\\/\\\/www.instagram.com\\\/broasdouro\\\/\"]}]}<\/script>\n<!-- \/ Yoast SEO plugin. -->","yoast_head_json":{"title":"Broas de Caf\u00e9 - Susana Vieira - Bolos Regionais","description":"Susana Vieira, Broas de Caf\u00e9. Broas D`ouro. Embalagem de 350g. 6 Unidades","robots":{"index":"index","follow":"follow","max-snippet":"max-snippet:-1","max-image-preview":"max-image-preview:large","max-video-preview":"max-video-preview:-1"},"canonical":"https:\/\/bolosregionais.pt\/produto\/broas-de-cafe\/","og_locale":"pt_PT","og_type":"article","og_title":"Broas de Caf\u00e9 - Susana Vieira - Bolos Regionais","og_description":"Susana Vieira, Broas de Caf\u00e9. Broas D`ouro. Embalagem de 350g. 6 Unidades","og_url":"https:\/\/bolosregionais.pt\/produto\/broas-de-cafe\/","og_site_name":"Susana Vieira - Bolos Regionais","article_publisher":"https:\/\/www.facebook.com\/people\/Broas-DOuro\/100079961858398\/?paipv=0&eav=AfbeI56GFSDGQYxo5oKo_x5p5k3RbvMdspvczmr4zl4kNADTCi7uwtDQc_z4u_qSfP4","article_modified_time":"2024-05-20T10:10:41+00:00","og_image":[{"width":500,"height":378,"url":"https:\/\/bolosregionais.pt\/wp-content\/uploads\/2023\/04\/Broas-DOuro-BROAS-DE-CAFE-frt.jpg","type":"image\/jpeg"}],"twitter_card":"summary_large_image","twitter_misc":{"Tempo estimado de leitura":"2 minutos"},"schema":{"@context":"https:\/\/schema.org","@graph":[{"@type":"WebPage","@id":"https:\/\/bolosregionais.pt\/produto\/broas-de-cafe\/","url":"https:\/\/bolosregionais.pt\/produto\/broas-de-cafe\/","name":"Broas de Caf\u00e9 - Susana Vieira - Bolos Regionais","isPartOf":{"@id":"https:\/\/bolosregionais.pt\/#website"},"primaryImageOfPage":{"@id":"https:\/\/bolosregionais.pt\/produto\/broas-de-cafe\/#primaryimage"},"image":{"@id":"https:\/\/bolosregionais.pt\/produto\/broas-de-cafe\/#primaryimage"},"thumbnailUrl":"https:\/\/bolosregionais.pt\/wp-content\/uploads\/2023\/04\/Broas-DOuro-BROAS-DE-CAFE-frt.jpg","datePublished":"2023-04-14T17:54:22+00:00","dateModified":"2024-05-20T10:10:41+00:00","description":"Susana Vieira, Broas de Caf\u00e9. Broas D`ouro. Embalagem de 350g. 6 Unidades","breadcrumb":{"@id":"https:\/\/bolosregionais.pt\/produto\/broas-de-cafe\/#breadcrumb"},"inLanguage":"pt-PT","potentialAction":[{"@type":"ReadAction","target":["https:\/\/bolosregionais.pt\/produto\/broas-de-cafe\/"]}]},{"@type":"ImageObject","inLanguage":"pt-PT","@id":"https:\/\/bolosregionais.pt\/produto\/broas-de-cafe\/#primaryimage","url":"https:\/\/bolosregionais.pt\/wp-content\/uploads\/2023\/04\/Broas-DOuro-BROAS-DE-CAFE-frt.jpg","contentUrl":"https:\/\/bolosregionais.pt\/wp-content\/uploads\/2023\/04\/Broas-DOuro-BROAS-DE-CAFE-frt.jpg","width":500,"height":378,"caption":"Broas D`Ouro - BROAS DE CAFE (frt)"},{"@type":"BreadcrumbList","@id":"https:\/\/bolosregionais.pt\/produto\/broas-de-cafe\/#breadcrumb","itemListElement":[{"@type":"ListItem","position":1,"name":"In\u00edcio","item":"https:\/\/bolosregionais.pt\/"},{"@type":"ListItem","position":2,"name":"Loja","item":"https:\/\/bolosregionais.pt\/?page_id=2877"},{"@type":"ListItem","position":3,"name":"Broas de Caf\u00e9"}]},{"@type":"WebSite","@id":"https:\/\/bolosregionais.pt\/#website","url":"https:\/\/bolosregionais.pt\/","name":"Susana Vieira - Bolos Regionais","description":"A apurar a tradi\u00e7\u00e3o desde 1995","publisher":{"@id":"https:\/\/bolosregionais.pt\/#organization"},"potentialAction":[{"@type":"SearchAction","target":{"@type":"EntryPoint","urlTemplate":"https:\/\/bolosregionais.pt\/?s={search_term_string}"},"query-input":{"@type":"PropertyValueSpecification","valueRequired":true,"valueName":"search_term_string"}}],"inLanguage":"pt-PT"},{"@type":"Organization","@id":"https:\/\/bolosregionais.pt\/#organization","name":"Susana Vieira - Bolos Regionais","url":"https:\/\/bolosregionais.pt\/","logo":{"@type":"ImageObject","inLanguage":"pt-PT","@id":"https:\/\/bolosregionais.pt\/#\/schema\/logo\/image\/","url":"https:\/\/bolosregionais.pt\/wp-content\/uploads\/2021\/08\/Logo-SV-Header.png","contentUrl":"https:\/\/bolosregionais.pt\/wp-content\/uploads\/2021\/08\/Logo-SV-Header.png","width":159,"height":120,"caption":"Susana Vieira - Bolos Regionais"},"image":{"@id":"https:\/\/bolosregionais.pt\/#\/schema\/logo\/image\/"},"sameAs":["https:\/\/www.facebook.com\/people\/Broas-DOuro\/100079961858398\/?paipv=0&eav=AfbeI56GFSDGQYxo5oKo_x5p5k3RbvMdspvczmr4zl4kNADTCi7uwtDQc_z4u_qSfP4","https:\/\/www.instagram.com\/broasdouro\/"]}]}},"jetpack_likes_enabled":true,"jetpack_sharing_enabled":true,"_links":{"self":[{"href":"https:\/\/bolosregionais.pt\/index.php?rest_route=\/wp\/v2\/product\/3754","targetHints":{"allow":["GET"]}}],"collection":[{"href":"https:\/\/bolosregionais.pt\/index.php?rest_route=\/wp\/v2\/product"}],"about":[{"href":"https:\/\/bolosregionais.pt\/index.php?rest_route=\/wp\/v2\/types\/product"}],"replies":[{"embeddable":true,"href":"https:\/\/bolosregionais.pt\/index.php?rest_route=%2Fwp%2Fv2%2Fcomments&post=3754"}],"version-history":[{"count":1,"href":"https:\/\/bolosregionais.pt\/index.php?rest_route=\/wp\/v2\/product\/3754\/revisions"}],"predecessor-version":[{"id":3760,"href":"https:\/\/bolosregionais.pt\/index.php?rest_route=\/wp\/v2\/product\/3754\/revisions\/3760"}],"wp:featuredmedia":[{"embeddable":true,"href":"https:\/\/bolosregionais.pt\/index.php?rest_route=\/wp\/v2\/media\/3896"}],"wp:attachment":[{"href":"https:\/\/bolosregionais.pt\/index.php?rest_route=%2Fwp%2Fv2%2Fmedia&parent=3754"}],"wp:term":[{"taxonomy":"product_brand","embeddable":true,"href":"https:\/\/bolosregionais.pt\/index.php?rest_route=%2Fwp%2Fv2%2Fproduct_brand&post=3754"},{"taxonomy":"product_cat","embeddable":true,"href":"https:\/\/bolosregionais.pt\/index.php?rest_route=%2Fwp%2Fv2%2Fproduct_cat&post=3754"},{"taxonomy":"product_tag","embeddable":true,"href":"https:\/\/bolosregionais.pt\/index.php?rest_route=%2Fwp%2Fv2%2Fproduct_tag&post=3754"}],"curies":[{"name":"wp","href":"https:\/\/api.w.org\/{rel}","templated":true}]}}